{"id":387,"date":"2023-10-19T16:57:57","date_gmt":"2023-10-19T14:57:57","guid":{"rendered":"https:\/\/www.letteraemme.it\/espropriponte\/?post_type=esproprio&#038;p=387"},"modified":"2023-10-19T16:57:57","modified_gmt":"2023-10-19T14:57:57","slug":"s393-s394-s396-s397-s398-s401-s404-s405-s411-c-da-torre-via-salita-frandinaro","status":"publish","type":"esproprio","link":"https:\/\/www.letteraemme.it\/espropriponte\/esproprio\/s393-s394-s396-s397-s398-s401-s404-s405-s411-c-da-torre-via-salita-frandinaro\/","title":{"rendered":"S393-S394-S396-S397-S398-S401-S404-S405-S411 &#8211; C\/Da Torre &#8211; Via Salita Frandinaro"},"content":{"rendered":"<p>L&#8217;immobile in oggetto \u00e8 prevalentemente destinato a: abitazioni, magazzini; si articola su un livello ed \u00e8 ubicato su un lotto di terreno della superficie di mq. 5.703 tra coperto e scoperto. L&#8217;epoca di costruzione dell&#8217;immobile risale presumibilmente intorno all&#8217;anno 1970 ed in generale, ad oggi si presenta in un mediocre stato di conservazione e manutenzione. L&#8217;accessibilit\u00e0 dall&#8217;esterno avviene direttamente dalla strada pubblica. E&#8217; ubicato in zona semicentrale collinare. L&#8217;altezza \u00e8 di circa 3 metri, la struttura portante \u00e8 in muratura, con un piano fuori terra, la finitura esterna \u00e8 in tinteggiatura, gli infissi sono in legno. La recinzione \u00e8 costituita da muratura. La parte scoperta (corte) \u00e8 sistemata a piazzale e camminamenti pavimentati. Le superfici relative al fabbricato, al giardino, ai balconi ecc. sono ricavate dal fotogrammetrico.<\/p>\n","protected":false},"featured_media":388,"template":"","tags":[],"comune":[25],"tipologia":[33],"destinazione-prevalente":[13],"cata":[],"documento-di-riferimento":[14],"class_list":["post-387","esproprio","type-esproprio","status-publish","has-post-thumbnail","hentry","comune-messina-me","tipologia-civile-abitazione","destinazione-prevalente-civile-abitazione","documento-di-riferimento-viag012s_f1"],"acf":[],"yoast_head":"<!-- This site is optimized with the Yoast SEO plugin v22.4 - https:\/\/yoast.com\/wordpress\/plugins\/seo\/ -->\n<title>S393-S394-S396-S397-S398-S401-S404-S405-S411 - C\/Da Torre - Via Salita Frandinaro - Espropri Ponte sullo Stretto<\/title>\n<meta name=\"robots\" content=\"index, follow, max-snippet:-1, max-image-preview:large, max-video-preview:-1\" \/>\n<link rel=\"canonical\" href=\"https:\/\/www.letteraemme.it\/espropriponte\/esproprio\/s393-s394-s396-s397-s398-s401-s404-s405-s411-c-da-torre-via-salita-frandinaro\/\" \/>\n<meta property=\"og:locale\" content=\"it_IT\" \/>\n<meta property=\"og:type\" content=\"article\" \/>\n<meta property=\"og:title\" content=\"S393-S394-S396-S397-S398-S401-S404-S405-S411 - C\/Da Torre - Via Salita Frandinaro - Espropri Ponte sullo Stretto\" \/>\n<meta property=\"og:description\" content=\"L&#8217;immobile in oggetto \u00e8 prevalentemente destinato a: abitazioni, magazzini; si articola su un livello ed \u00e8 ubicato su un lotto di terreno della superficie di mq. 5.703 tra coperto e scoperto. L&#8217;epoca di costruzione dell&#8217;immobile risale presumibilmente intorno all&#8217;anno 1970 ed in generale, ad oggi si presenta in un mediocre stato di conservazione e manutenzione. [...]Leggi di pi\u00f9... from S393-S394-S396-S397-S398-S401-S404-S405-S411 &#8211; C\/Da Torre &#8211; Via Salita Frandinaro\" \/>\n<meta property=\"og:url\" content=\"https:\/\/www.letteraemme.it\/espropriponte\/esproprio\/s393-s394-s396-s397-s398-s401-s404-s405-s411-c-da-torre-via-salita-frandinaro\/\" \/>\n<meta property=\"og:site_name\" content=\"Espropri Ponte sullo Stretto\" \/>\n<meta property=\"og:image\" content=\"https:\/\/www.letteraemme.it\/espropriponte\/wp-content\/uploads\/2023\/10\/Screenshot-at-Oct-19-16-57-36.png\" \/>\n\t<meta property=\"og:image:width\" content=\"614\" \/>\n\t<meta property=\"og:image:height\" content=\"404\" \/>\n\t<meta property=\"og:image:type\" content=\"image\/png\" \/>\n<meta name=\"twitter:card\" content=\"summary_large_image\" \/>\n<meta name=\"twitter:label1\" content=\"Tempo di lettura stimato\" \/>\n\t<meta name=\"twitter:data1\" content=\"1 minuto\" \/>\n<script type=\"application\/ld+json\" class=\"yoast-schema-graph\">{\"@context\":\"https:\/\/schema.org\",\"@graph\":[{\"@type\":\"WebPage\",\"@id\":\"https:\/\/www.letteraemme.it\/espropriponte\/esproprio\/s393-s394-s396-s397-s398-s401-s404-s405-s411-c-da-torre-via-salita-frandinaro\/\",\"url\":\"https:\/\/www.letteraemme.it\/espropriponte\/esproprio\/s393-s394-s396-s397-s398-s401-s404-s405-s411-c-da-torre-via-salita-frandinaro\/\",\"name\":\"S393-S394-S396-S397-S398-S401-S404-S405-S411 - C\/Da Torre - Via Salita Frandinaro - Espropri Ponte sullo Stretto\",\"isPartOf\":{\"@id\":\"https:\/\/www.letteraemme.it\/espropriponte\/#website\"},\"primaryImageOfPage\":{\"@id\":\"https:\/\/www.letteraemme.it\/espropriponte\/esproprio\/s393-s394-s396-s397-s398-s401-s404-s405-s411-c-da-torre-via-salita-frandinaro\/#primaryimage\"},\"image\":{\"@id\":\"https:\/\/www.letteraemme.it\/espropriponte\/esproprio\/s393-s394-s396-s397-s398-s401-s404-s405-s411-c-da-torre-via-salita-frandinaro\/#primaryimage\"},\"thumbnailUrl\":\"https:\/\/www.letteraemme.it\/espropriponte\/wp-content\/uploads\/2023\/10\/Screenshot-at-Oct-19-16-57-36.png\",\"datePublished\":\"2023-10-19T14:57:57+00:00\",\"dateModified\":\"2023-10-19T14:57:57+00:00\",\"breadcrumb\":{\"@id\":\"https:\/\/www.letteraemme.it\/espropriponte\/esproprio\/s393-s394-s396-s397-s398-s401-s404-s405-s411-c-da-torre-via-salita-frandinaro\/#breadcrumb\"},\"inLanguage\":\"it-IT\",\"potentialAction\":[{\"@type\":\"ReadAction\",\"target\":[\"https:\/\/www.letteraemme.it\/espropriponte\/esproprio\/s393-s394-s396-s397-s398-s401-s404-s405-s411-c-da-torre-via-salita-frandinaro\/\"]}]},{\"@type\":\"ImageObject\",\"inLanguage\":\"it-IT\",\"@id\":\"https:\/\/www.letteraemme.it\/espropriponte\/esproprio\/s393-s394-s396-s397-s398-s401-s404-s405-s411-c-da-torre-via-salita-frandinaro\/#primaryimage\",\"url\":\"https:\/\/www.letteraemme.it\/espropriponte\/wp-content\/uploads\/2023\/10\/Screenshot-at-Oct-19-16-57-36.png\",\"contentUrl\":\"https:\/\/www.letteraemme.it\/espropriponte\/wp-content\/uploads\/2023\/10\/Screenshot-at-Oct-19-16-57-36.png\",\"width\":614,\"height\":404},{\"@type\":\"BreadcrumbList\",\"@id\":\"https:\/\/www.letteraemme.it\/espropriponte\/esproprio\/s393-s394-s396-s397-s398-s401-s404-s405-s411-c-da-torre-via-salita-frandinaro\/#breadcrumb\",\"itemListElement\":[{\"@type\":\"ListItem\",\"position\":1,\"name\":\"Home\",\"item\":\"https:\/\/www.letteraemme.it\/espropriponte\/\"},{\"@type\":\"ListItem\",\"position\":2,\"name\":\"Espropri\",\"item\":\"https:\/\/www.letteraemme.it\/espropriponte\/elenco-espropri\/\"},{\"@type\":\"ListItem\",\"position\":3,\"name\":\"S393-S394-S396-S397-S398-S401-S404-S405-S411 &#8211; C\/Da Torre &#8211; Via Salita Frandinaro\"}]},{\"@type\":\"WebSite\",\"@id\":\"https:\/\/www.letteraemme.it\/espropriponte\/#website\",\"url\":\"https:\/\/www.letteraemme.it\/espropriponte\/\",\"name\":\"Espropri Ponte sullo Stretto\",\"description\":\"\",\"publisher\":{\"@id\":\"https:\/\/www.letteraemme.it\/espropriponte\/#organization\"},\"potentialAction\":[{\"@type\":\"SearchAction\",\"target\":{\"@type\":\"EntryPoint\",\"urlTemplate\":\"https:\/\/www.letteraemme.it\/espropriponte\/?s={search_term_string}\"},\"query-input\":\"required name=search_term_string\"}],\"inLanguage\":\"it-IT\"},{\"@type\":\"Organization\",\"@id\":\"https:\/\/www.letteraemme.it\/espropriponte\/#organization\",\"name\":\"Espropri Ponte sullo Stretto\",\"url\":\"https:\/\/www.letteraemme.it\/espropriponte\/\",\"logo\":{\"@type\":\"ImageObject\",\"inLanguage\":\"it-IT\",\"@id\":\"https:\/\/www.letteraemme.it\/espropriponte\/#\/schema\/logo\/image\/\",\"url\":\"https:\/\/www.letteraemme.it\/espropriponte\/wp-content\/uploads\/2023\/11\/ricerca.png\",\"contentUrl\":\"https:\/\/www.letteraemme.it\/espropriponte\/wp-content\/uploads\/2023\/11\/ricerca.png\",\"width\":706,\"height\":708,\"caption\":\"Espropri Ponte sullo Stretto\"},\"image\":{\"@id\":\"https:\/\/www.letteraemme.it\/espropriponte\/#\/schema\/logo\/image\/\"}}]}<\/script>\n<!-- \/ Yoast SEO plugin. -->","yoast_head_json":{"title":"S393-S394-S396-S397-S398-S401-S404-S405-S411 - C\/Da Torre - Via Salita Frandinaro - Espropri Ponte sullo Stretto","robots":{"index":"index","follow":"follow","max-snippet":"max-snippet:-1","max-image-preview":"max-image-preview:large","max-video-preview":"max-video-preview:-1"},"canonical":"https:\/\/www.letteraemme.it\/espropriponte\/esproprio\/s393-s394-s396-s397-s398-s401-s404-s405-s411-c-da-torre-via-salita-frandinaro\/","og_locale":"it_IT","og_type":"article","og_title":"S393-S394-S396-S397-S398-S401-S404-S405-S411 - C\/Da Torre - Via Salita Frandinaro - Espropri Ponte sullo Stretto","og_description":"L&#8217;immobile in oggetto \u00e8 prevalentemente destinato a: abitazioni, magazzini; si articola su un livello ed \u00e8 ubicato su un lotto di terreno della superficie di mq. 5.703 tra coperto e scoperto. L&#8217;epoca di costruzione dell&#8217;immobile risale presumibilmente intorno all&#8217;anno 1970 ed in generale, ad oggi si presenta in un mediocre stato di conservazione e manutenzione. [...]Leggi di pi\u00f9... from S393-S394-S396-S397-S398-S401-S404-S405-S411 &#8211; C\/Da Torre &#8211; Via Salita Frandinaro","og_url":"https:\/\/www.letteraemme.it\/espropriponte\/esproprio\/s393-s394-s396-s397-s398-s401-s404-s405-s411-c-da-torre-via-salita-frandinaro\/","og_site_name":"Espropri Ponte sullo Stretto","og_image":[{"width":614,"height":404,"url":"https:\/\/www.letteraemme.it\/espropriponte\/wp-content\/uploads\/2023\/10\/Screenshot-at-Oct-19-16-57-36.png","type":"image\/png"}],"twitter_card":"summary_large_image","twitter_misc":{"Tempo di lettura stimato":"1 minuto"},"schema":{"@context":"https:\/\/schema.org","@graph":[{"@type":"WebPage","@id":"https:\/\/www.letteraemme.it\/espropriponte\/esproprio\/s393-s394-s396-s397-s398-s401-s404-s405-s411-c-da-torre-via-salita-frandinaro\/","url":"https:\/\/www.letteraemme.it\/espropriponte\/esproprio\/s393-s394-s396-s397-s398-s401-s404-s405-s411-c-da-torre-via-salita-frandinaro\/","name":"S393-S394-S396-S397-S398-S401-S404-S405-S411 - C\/Da Torre - Via Salita Frandinaro - Espropri Ponte sullo Stretto","isPartOf":{"@id":"https:\/\/www.letteraemme.it\/espropriponte\/#website"},"primaryImageOfPage":{"@id":"https:\/\/www.letteraemme.it\/espropriponte\/esproprio\/s393-s394-s396-s397-s398-s401-s404-s405-s411-c-da-torre-via-salita-frandinaro\/#primaryimage"},"image":{"@id":"https:\/\/www.letteraemme.it\/espropriponte\/esproprio\/s393-s394-s396-s397-s398-s401-s404-s405-s411-c-da-torre-via-salita-frandinaro\/#primaryimage"},"thumbnailUrl":"https:\/\/www.letteraemme.it\/espropriponte\/wp-content\/uploads\/2023\/10\/Screenshot-at-Oct-19-16-57-36.png","datePublished":"2023-10-19T14:57:57+00:00","dateModified":"2023-10-19T14:57:57+00:00","breadcrumb":{"@id":"https:\/\/www.letteraemme.it\/espropriponte\/esproprio\/s393-s394-s396-s397-s398-s401-s404-s405-s411-c-da-torre-via-salita-frandinaro\/#breadcrumb"},"inLanguage":"it-IT","potentialAction":[{"@type":"ReadAction","target":["https:\/\/www.letteraemme.it\/espropriponte\/esproprio\/s393-s394-s396-s397-s398-s401-s404-s405-s411-c-da-torre-via-salita-frandinaro\/"]}]},{"@type":"ImageObject","inLanguage":"it-IT","@id":"https:\/\/www.letteraemme.it\/espropriponte\/esproprio\/s393-s394-s396-s397-s398-s401-s404-s405-s411-c-da-torre-via-salita-frandinaro\/#primaryimage","url":"https:\/\/www.letteraemme.it\/espropriponte\/wp-content\/uploads\/2023\/10\/Screenshot-at-Oct-19-16-57-36.png","contentUrl":"https:\/\/www.letteraemme.it\/espropriponte\/wp-content\/uploads\/2023\/10\/Screenshot-at-Oct-19-16-57-36.png","width":614,"height":404},{"@type":"BreadcrumbList","@id":"https:\/\/www.letteraemme.it\/espropriponte\/esproprio\/s393-s394-s396-s397-s398-s401-s404-s405-s411-c-da-torre-via-salita-frandinaro\/#breadcrumb","itemListElement":[{"@type":"ListItem","position":1,"name":"Home","item":"https:\/\/www.letteraemme.it\/espropriponte\/"},{"@type":"ListItem","position":2,"name":"Espropri","item":"https:\/\/www.letteraemme.it\/espropriponte\/elenco-espropri\/"},{"@type":"ListItem","position":3,"name":"S393-S394-S396-S397-S398-S401-S404-S405-S411 &#8211; C\/Da Torre &#8211; Via Salita Frandinaro"}]},{"@type":"WebSite","@id":"https:\/\/www.letteraemme.it\/espropriponte\/#website","url":"https:\/\/www.letteraemme.it\/espropriponte\/","name":"Espropri Ponte sullo Stretto","description":"","publisher":{"@id":"https:\/\/www.letteraemme.it\/espropriponte\/#organization"},"potentialAction":[{"@type":"SearchAction","target":{"@type":"EntryPoint","urlTemplate":"https:\/\/www.letteraemme.it\/espropriponte\/?s={search_term_string}"},"query-input":"required name=search_term_string"}],"inLanguage":"it-IT"},{"@type":"Organization","@id":"https:\/\/www.letteraemme.it\/espropriponte\/#organization","name":"Espropri Ponte sullo Stretto","url":"https:\/\/www.letteraemme.it\/espropriponte\/","logo":{"@type":"ImageObject","inLanguage":"it-IT","@id":"https:\/\/www.letteraemme.it\/espropriponte\/#\/schema\/logo\/image\/","url":"https:\/\/www.letteraemme.it\/espropriponte\/wp-content\/uploads\/2023\/11\/ricerca.png","contentUrl":"https:\/\/www.letteraemme.it\/espropriponte\/wp-content\/uploads\/2023\/11\/ricerca.png","width":706,"height":708,"caption":"Espropri Ponte sullo Stretto"},"image":{"@id":"https:\/\/www.letteraemme.it\/espropriponte\/#\/schema\/logo\/image\/"}}]}},"_links":{"self":[{"href":"https:\/\/www.letteraemme.it\/espropriponte\/wp-json\/wp\/v2\/esproprio\/387","targetHints":{"allow":["GET"]}}],"collection":[{"href":"https:\/\/www.letteraemme.it\/espropriponte\/wp-json\/wp\/v2\/esproprio"}],"about":[{"href":"https:\/\/www.letteraemme.it\/espropriponte\/wp-json\/wp\/v2\/types\/esproprio"}],"wp:featuredmedia":[{"embeddable":true,"href":"https:\/\/www.letteraemme.it\/espropriponte\/wp-json\/wp\/v2\/media\/388"}],"wp:attachment":[{"href":"https:\/\/www.letteraemme.it\/espropriponte\/wp-json\/wp\/v2\/media?parent=387"}],"wp:term":[{"taxonomy":"post_tag","embeddable":true,"href":"https:\/\/www.letteraemme.it\/espropriponte\/wp-json\/wp\/v2\/tags?post=387"},{"taxonomy":"comune","embeddable":true,"href":"https:\/\/www.letteraemme.it\/espropriponte\/wp-json\/wp\/v2\/comune?post=387"},{"taxonomy":"tipologia","embeddable":true,"href":"https:\/\/www.letteraemme.it\/espropriponte\/wp-json\/wp\/v2\/tipologia?post=387"},{"taxonomy":"destinazione-prevalente","embeddable":true,"href":"https:\/\/www.letteraemme.it\/espropriponte\/wp-json\/wp\/v2\/destinazione-prevalente?post=387"},{"taxonomy":"cata","embeddable":true,"href":"https:\/\/www.letteraemme.it\/espropriponte\/wp-json\/wp\/v2\/cata?post=387"},{"taxonomy":"documento-di-riferimento","embeddable":true,"href":"https:\/\/www.letteraemme.it\/espropriponte\/wp-json\/wp\/v2\/documento-di-riferimento?post=387"}],"curies":[{"name":"wp","href":"https:\/\/api.w.org\/{rel}","templated":true}]}}